{"id":521,"date":"2023-02-10T20:53:06","date_gmt":"2023-02-10T20:53:06","guid":{"rendered":"https:\/\/riveravivanco.com\/?page_id=521"},"modified":"2023-02-28T17:24:23","modified_gmt":"2023-02-28T17:24:23","slug":"toltepec-de-guerrero","status":"publish","type":"page","link":"https:\/\/riveravivanco.com\/index.php\/toltepec-de-guerrero\/","title":{"rendered":"TOLTEPEC DE GUERRERO"},"content":{"rendered":"\t\t<div data-elementor-type=\"wp-page\" data-elementor-id=\"521\" class=\"elementor elementor-521\">\n\t\t\t\t\t\t\t\t\t<section class=\"elementor-section elementor-top-section elementor-element elementor-element-6037e7f elementor-section-boxed elementor-section-height-default elementor-section-height-default\" data-id=\"6037e7f\" data-element_type=\"section\">\n\t\t\t\t\t\t<div class=\"elementor-container elementor-column-gap-default\">\n\t\t\t\t\t<div class=\"elementor-column elementor-col-100 elementor-top-column elementor-element elementor-element-f3c1623\" data-id=\"f3c1623\" data-element_type=\"column\">\n\t\t\t<div class=\"elementor-widget-wrap elementor-element-populated\">\n\t\t\t\t\t\t\t\t<div class=\"elementor-element elementor-element-56c7758 elementor-widget elementor-widget-heading\" data-id=\"56c7758\" data-element_type=\"widget\" data-widget_type=\"heading.default\">\n\t\t\t\t<div class=\"elementor-widget-container\">\n\t\t\t<style>\/*! elementor - v3.14.0 - 26-06-2023 *\/\n.elementor-heading-title{padding:0;margin:0;line-height:1}.elementor-widget-heading .elementor-heading-title[class*=elementor-size-]>a{color:inherit;font-size:inherit;line-height:inherit}.elementor-widget-heading .elementor-heading-title.elementor-size-small{font-size:15px}.elementor-widget-heading .elementor-heading-title.elementor-size-medium{font-size:19px}.elementor-widget-heading .elementor-heading-title.elementor-size-large{font-size:29px}.elementor-widget-heading .elementor-heading-title.elementor-size-xl{font-size:39px}.elementor-widget-heading .elementor-heading-title.elementor-size-xxl{font-size:59px}<\/style><h2 class=\"elementor-heading-title elementor-size-default\">TOLTEPEC DE GUERRERO<\/h2>\t\t<\/div>\n\t\t\t\t<\/div>\n\t\t\t\t<div class=\"elementor-element elementor-element-28dcf11 elementor-widget elementor-widget-accordion\" data-id=\"28dcf11\" data-element_type=\"widget\" data-widget_type=\"accordion.default\">\n\t\t\t\t<div class=\"elementor-widget-container\">\n\t\t\t<style>\/*! elementor - v3.14.0 - 26-06-2023 *\/\n.elementor-accordion{text-align:left}.elementor-accordion .elementor-accordion-item{border:1px solid #d5d8dc}.elementor-accordion .elementor-accordion-item+.elementor-accordion-item{border-top:none}.elementor-accordion .elementor-tab-title{margin:0;padding:15px 20px;font-weight:700;line-height:1;cursor:pointer;outline:none}.elementor-accordion .elementor-tab-title .elementor-accordion-icon{display:inline-block;width:1.5em}.elementor-accordion .elementor-tab-title .elementor-accordion-icon svg{width:1em;height:1em}.elementor-accordion .elementor-tab-title .elementor-accordion-icon.elementor-accordion-icon-right{float:right;text-align:right}.elementor-accordion .elementor-tab-title .elementor-accordion-icon.elementor-accordion-icon-left{float:left;text-align:left}.elementor-accordion .elementor-tab-title .elementor-accordion-icon .elementor-accordion-icon-closed{display:block}.elementor-accordion .elementor-tab-title .elementor-accordion-icon .elementor-accordion-icon-opened,.elementor-accordion .elementor-tab-title.elementor-active .elementor-accordion-icon-closed{display:none}.elementor-accordion .elementor-tab-title.elementor-active .elementor-accordion-icon-opened{display:block}.elementor-accordion .elementor-tab-content{display:none;padding:15px 20px;border-top:1px solid #d5d8dc}@media (max-width:767px){.elementor-accordion .elementor-tab-title{padding:12px 15px}.elementor-accordion .elementor-tab-title .elementor-accordion-icon{width:1.2em}.elementor-accordion .elementor-tab-content{padding:7px 15px}}.e-con-inner>.elementor-widget-accordion,.e-con>.elementor-widget-accordion{width:var(--container-widget-width);--flex-grow:var(--container-widget-flex-grow)}<\/style>\t\t<div class=\"elementor-accordion\">\n\t\t\t\t\t\t\t<div class=\"elementor-accordion-item\">\n\t\t\t\t\t<h6 id=\"elementor-tab-title-4281\" class=\"elementor-tab-title\" data-tab=\"1\" role=\"button\" aria-controls=\"elementor-tab-content-4281\" aria-expanded=\"false\">\n\t\t\t\t\t\t\t\t\t\t\t\t\t<span class=\"elementor-accordion-icon elementor-accordion-icon-left\" aria-hidden=\"true\">\n\t\t\t\t\t\t\t\t\t\t\t\t\t\t\t<span class=\"elementor-accordion-icon-closed\"><i class=\"fas fa-plus\"><\/i><\/span>\n\t\t\t\t\t\t\t\t<span class=\"elementor-accordion-icon-opened\"><i class=\"fas fa-minus\"><\/i><\/span>\n\t\t\t\t\t\t\t\t\t\t\t\t\t\t<\/span>\n\t\t\t\t\t\t\t\t\t\t\t\t<a class=\"elementor-accordion-title\" tabindex=\"0\">Poblaci\u00f3n:<\/a>\n\t\t\t\t\t<\/h6>\n\t\t\t\t\t<div id=\"elementor-tab-content-4281\" class=\"elementor-tab-content elementor-clearfix\" data-tab=\"1\" role=\"region\" aria-labelledby=\"elementor-tab-title-4281\"><ul><li><p style=\"text-align: justify;\"><b style=\"background-color: var(--wp--preset--color--base);\"><span style=\"font-size: 12.0pt; line-height: 107%; font-family: Roboto; mso-bidi-font-family: 'Times New Roman';\">Poblaci\u00f3n:<\/span><\/b><span style=\"background-color: var(--wp--preset--color--base); font-size: 12pt; line-height: 107%; font-family: Roboto;\"> 1,187<\/span><\/p><\/li><li><p style=\"text-align: justify;\"><b><span style=\"font-size: 12.0pt; line-height: 107%; font-family: Roboto; mso-bidi-font-family: 'Times New Roman';\">Etimolog\u00eda:\u00a0<\/span><\/b><span style=\"font-family: Roboto; font-size: 12pt; background-color: var(--wp--preset--color--base);\">Del N\u00e1huatl: totol, tepetl, co\u00a0\u2018p\u00e1jaro, cerro, en \u201cEn el cerro de los p\u00e1jaros\u201d.<\/span><\/p><\/li><\/ul><\/div>\n\t\t\t\t<\/div>\n\t\t\t\t\t\t\t<div class=\"elementor-accordion-item\">\n\t\t\t\t\t<h6 id=\"elementor-tab-title-4282\" class=\"elementor-tab-title\" data-tab=\"2\" role=\"button\" aria-controls=\"elementor-tab-content-4282\" aria-expanded=\"false\">\n\t\t\t\t\t\t\t\t\t\t\t\t\t<span class=\"elementor-accordion-icon elementor-accordion-icon-left\" aria-hidden=\"true\">\n\t\t\t\t\t\t\t\t\t\t\t\t\t\t\t<span class=\"elementor-accordion-icon-closed\"><i class=\"fas fa-plus\"><\/i><\/span>\n\t\t\t\t\t\t\t\t<span class=\"elementor-accordion-icon-opened\"><i class=\"fas fa-minus\"><\/i><\/span>\n\t\t\t\t\t\t\t\t\t\t\t\t\t\t<\/span>\n\t\t\t\t\t\t\t\t\t\t\t\t<a class=\"elementor-accordion-title\" tabindex=\"0\">Datos Curiosos\/ Historia:<\/a>\n\t\t\t\t\t<\/h6>\n\t\t\t\t\t<div id=\"elementor-tab-content-4282\" class=\"elementor-tab-content elementor-clearfix\" data-tab=\"2\" role=\"region\" aria-labelledby=\"elementor-tab-title-4282\"><p>Fue fundado en la \u00e9poca prehisp\u00e1nica por grupos olmecas-xicalancas, mixtecos, huilotes, ch\u00e1ndaras, popolocas, chochos y nahuas, provenientes de Oaxaca, Guerrero, Tlaxcala y Veracruz; quienes le pusieron Toltepec por un cerro que se encuentra al lado o riente conocido con el nombre de \u201cPatr\u00f3n\u201d.<\/p><p>A la llegada de los espa\u00f1oles se llam\u00f3 Santa Mar\u00eda Totoltepec, y en 1735 ya estaba construido su templo religioso. La regi\u00f3n fue de un rico hacendado llamado Sabino Aja, los primeros pobladores se emplearon en dicha hacienda; el due\u00f1o les asign\u00f3 lotes y al fin le compraron el territorio.<\/p><p>En 1921 se le design\u00f3 con el nombre de Totoltepec de Guerrero en memoria del general don Vicente Guerrero.<\/p><p>Artesan\u00eda: Se dedican a la confecci\u00f3n de sombreros de palma, canastas y canastos.<\/p><p>El Se\u00f1or de la Salud es una devoci\u00f3n a Jesucristo, representado en una imagen de Cristo Crucificado, que lleg\u00f3 a Totoltepec en el siglo XVII.<\/p><p>La fiesta en honor al Se\u00f1or de la Salud es la principal celebraci\u00f3n religiosa en el cual llegan miles de peregrinos provenientes de los diversos municipios del centro y sur del estado de Puebla, as\u00ed como de Veracruz, Ciudad de M\u00e9xico, Estado de M\u00e9xico entre otros.<\/p><\/div>\n\t\t\t\t<\/div>\n\t\t\t\t\t\t\t<div class=\"elementor-accordion-item\">\n\t\t\t\t\t<h6 id=\"elementor-tab-title-4283\" class=\"elementor-tab-title\" data-tab=\"3\" role=\"button\" aria-controls=\"elementor-tab-content-4283\" aria-expanded=\"false\">\n\t\t\t\t\t\t\t\t\t\t\t\t\t<span class=\"elementor-accordion-icon elementor-accordion-icon-left\" aria-hidden=\"true\">\n\t\t\t\t\t\t\t\t\t\t\t\t\t\t\t<span class=\"elementor-accordion-icon-closed\"><i class=\"fas fa-plus\"><\/i><\/span>\n\t\t\t\t\t\t\t\t<span class=\"elementor-accordion-icon-opened\"><i class=\"fas fa-minus\"><\/i><\/span>\n\t\t\t\t\t\t\t\t\t\t\t\t\t\t<\/span>\n\t\t\t\t\t\t\t\t\t\t\t\t<a class=\"elementor-accordion-title\" tabindex=\"0\">Gastronom\u00eda:<\/a>\n\t\t\t\t\t<\/h6>\n\t\t\t\t\t<div id=\"elementor-tab-content-4283\" class=\"elementor-tab-content elementor-clearfix\" data-tab=\"3\" role=\"region\" aria-labelledby=\"elementor-tab-title-4283\"><p>Entre sus platillos m\u00e1s tradicionales se encuentran el mole de chivo, mole poblano, mole de pollo, tortilla de comal, barbacoa de carnero y chivo y enfrijoladas, el dulce de pinole de ma\u00edz criollo, conservas de fruta y palanquetas, de bebidas el mezcal y aguardiente de ca\u00f1a.<\/p><\/div>\n\t\t\t\t<\/div>\n\t\t\t\t\t\t\t\t<\/div>\n\t\t\t\t<\/div>\n\t\t\t\t<\/div>\n\t\t\t\t\t<\/div>\n\t\t<\/div>\n\t\t\t\t\t\t\t<\/div>\n\t\t<\/section>\n\t\t\t\t\t\t\t<\/div>\n\t\t","protected":false},"excerpt":{"rendered":"<p>TOLTEPEC DE GUERRERO Poblaci\u00f3n: Poblaci\u00f3n: 1,187 Etimolog\u00eda:&nbsp;Del N\u00e1huatl: totol, tepetl, co&nbsp;\u2018p\u00e1jaro, cerro, en \u201cEn el cerro de los p\u00e1jaros\u201d. Datos Curiosos\/ Historia: Fue fundado en la \u00e9poca prehisp\u00e1nica por grupos olmecas-xicalancas, mixtecos, huilotes, ch\u00e1ndaras, popolocas, chochos y nahuas, provenientes de Oaxaca, Guerrero, Tlaxcala y Veracruz; quienes le pusieron Toltepec por un cerro que se encuentra [&hellip;]<\/p>\n","protected":false},"author":3,"featured_media":0,"parent":0,"menu_order":0,"comment_status":"closed","ping_status":"closed","template":"elementor_canvas","meta":{"footnotes":""},"yoast_head":"<!-- This site is optimized with the Yoast SEO Premium plugin v20.1 (Yoast SEO v20.10) - https:\/\/yoast.com\/wordpress\/plugins\/seo\/ -->\n<title>TOLTEPEC DE GUERRERO | Mujer Transformadora<\/title>\n<meta name=\"robots\" content=\"index, follow, max-snippet:-1, max-image-preview:large, max-video-preview:-1\" \/>\n<link rel=\"canonical\" href=\"https:\/\/riveravivanco.com\/index.php\/toltepec-de-guerrero\/\" \/>\n<meta property=\"og:locale\" content=\"en_US\" \/>\n<meta property=\"og:type\" content=\"article\" \/>\n<meta property=\"og:title\" content=\"TOLTEPEC DE GUERRERO\" \/>\n<meta property=\"og:description\" content=\"TOLTEPEC DE GUERRERO Poblaci\u00f3n: Poblaci\u00f3n: 1,187 Etimolog\u00eda:&nbsp;Del N\u00e1huatl: totol, tepetl, co&nbsp;\u2018p\u00e1jaro, cerro, en \u201cEn el cerro de los p\u00e1jaros\u201d. Datos Curiosos\/ Historia: Fue fundado en la \u00e9poca prehisp\u00e1nica por grupos olmecas-xicalancas, mixtecos, huilotes, ch\u00e1ndaras, popolocas, chochos y nahuas, provenientes de Oaxaca, Guerrero, Tlaxcala y Veracruz; quienes le pusieron Toltepec por un cerro que se encuentra [&hellip;]\" \/>\n<meta property=\"og:url\" content=\"https:\/\/riveravivanco.com\/index.php\/toltepec-de-guerrero\/\" \/>\n<meta property=\"og:site_name\" content=\"Mujer Transformadora\" \/>\n<meta property=\"article:publisher\" content=\"https:\/\/www.facebook.com\/ClauRiveraVivanco\" \/>\n<meta property=\"article:modified_time\" content=\"2023-02-28T17:24:23+00:00\" \/>\n<meta property=\"og:image\" content=\"https:\/\/riveravivanco.com\/wp-content\/uploads\/2023\/02\/MT2.png\" \/>\n\t<meta property=\"og:image:width\" content=\"721\" \/>\n\t<meta property=\"og:image:height\" content=\"721\" \/>\n\t<meta property=\"og:image:type\" content=\"image\/png\" \/>\n<meta name=\"twitter:card\" content=\"summary_large_image\" \/>\n<meta name=\"twitter:site\" content=\"@RiveraVivanco_\" \/>\n<meta name=\"twitter:label1\" content=\"Est. reading time\" \/>\n\t<meta name=\"twitter:data1\" content=\"2 minutes\" \/>\n<script type=\"application\/ld+json\" class=\"yoast-schema-graph\">{\"@context\":\"https:\/\/schema.org\",\"@graph\":[{\"@type\":\"WebPage\",\"@id\":\"https:\/\/riveravivanco.com\/index.php\/toltepec-de-guerrero\/\",\"url\":\"https:\/\/riveravivanco.com\/index.php\/toltepec-de-guerrero\/\",\"name\":\"TOLTEPEC DE GUERRERO | Mujer Transformadora\",\"isPartOf\":{\"@id\":\"https:\/\/riveravivanco.com\/#website\"},\"datePublished\":\"2023-02-10T20:53:06+00:00\",\"dateModified\":\"2023-02-28T17:24:23+00:00\",\"breadcrumb\":{\"@id\":\"https:\/\/riveravivanco.com\/index.php\/toltepec-de-guerrero\/#breadcrumb\"},\"inLanguage\":\"en-US\",\"potentialAction\":[{\"@type\":\"ReadAction\",\"target\":[\"https:\/\/riveravivanco.com\/index.php\/toltepec-de-guerrero\/\"]}]},{\"@type\":\"BreadcrumbList\",\"@id\":\"https:\/\/riveravivanco.com\/index.php\/toltepec-de-guerrero\/#breadcrumb\",\"itemListElement\":[{\"@type\":\"ListItem\",\"position\":1,\"name\":\"Home\",\"item\":\"https:\/\/riveravivanco.com\/\"},{\"@type\":\"ListItem\",\"position\":2,\"name\":\"TOLTEPEC DE GUERRERO\"}]},{\"@type\":\"WebSite\",\"@id\":\"https:\/\/riveravivanco.com\/#website\",\"url\":\"https:\/\/riveravivanco.com\/\",\"name\":\"Mujer Transformadora\",\"description\":\"#Mujer Transformadora es el espacio de las mujeres poblanas y de todos aquellos que compartimos sus causas, sin importar edad, sexo o condici\u00f3n social.\",\"publisher\":{\"@id\":\"https:\/\/riveravivanco.com\/#organization\"},\"alternateName\":\"Mujer Transformadora\",\"potentialAction\":[{\"@type\":\"SearchAction\",\"target\":{\"@type\":\"EntryPoint\",\"urlTemplate\":\"https:\/\/riveravivanco.com\/?s={search_term_string}\"},\"query-input\":\"required name=search_term_string\"}],\"inLanguage\":\"en-US\"},{\"@type\":\"Organization\",\"@id\":\"https:\/\/riveravivanco.com\/#organization\",\"name\":\"Mujer Transformadora\",\"alternateName\":\"Mujer Transformadora\",\"url\":\"https:\/\/riveravivanco.com\/\",\"logo\":{\"@type\":\"ImageObject\",\"inLanguage\":\"en-US\",\"@id\":\"https:\/\/riveravivanco.com\/#\/schema\/logo\/image\/\",\"url\":\"https:\/\/riveravivanco.com\/wp-content\/uploads\/2023\/02\/cropped-MT2.png\",\"contentUrl\":\"https:\/\/riveravivanco.com\/wp-content\/uploads\/2023\/02\/cropped-MT2.png\",\"width\":512,\"height\":512,\"caption\":\"Mujer Transformadora\"},\"image\":{\"@id\":\"https:\/\/riveravivanco.com\/#\/schema\/logo\/image\/\"},\"sameAs\":[\"https:\/\/www.facebook.com\/ClauRiveraVivanco\",\"https:\/\/twitter.com\/RiveraVivanco_\",\"https:\/\/www.instagram.com\/riveravivanco_\/\",\"https:\/\/www.tiktok.com\/@riveravivanco\",\"https:\/\/www.youtube.com\/@RiveraVivanco\"]}]}<\/script>\n<!-- \/ Yoast SEO Premium plugin. -->","yoast_head_json":{"title":"TOLTEPEC DE GUERRERO | Mujer Transformadora","robots":{"index":"index","follow":"follow","max-snippet":"max-snippet:-1","max-image-preview":"max-image-preview:large","max-video-preview":"max-video-preview:-1"},"canonical":"https:\/\/riveravivanco.com\/index.php\/toltepec-de-guerrero\/","og_locale":"en_US","og_type":"article","og_title":"TOLTEPEC DE GUERRERO","og_description":"TOLTEPEC DE GUERRERO Poblaci\u00f3n: Poblaci\u00f3n: 1,187 Etimolog\u00eda:&nbsp;Del N\u00e1huatl: totol, tepetl, co&nbsp;\u2018p\u00e1jaro, cerro, en \u201cEn el cerro de los p\u00e1jaros\u201d. Datos Curiosos\/ Historia: Fue fundado en la \u00e9poca prehisp\u00e1nica por grupos olmecas-xicalancas, mixtecos, huilotes, ch\u00e1ndaras, popolocas, chochos y nahuas, provenientes de Oaxaca, Guerrero, Tlaxcala y Veracruz; quienes le pusieron Toltepec por un cerro que se encuentra [&hellip;]","og_url":"https:\/\/riveravivanco.com\/index.php\/toltepec-de-guerrero\/","og_site_name":"Mujer Transformadora","article_publisher":"https:\/\/www.facebook.com\/ClauRiveraVivanco","article_modified_time":"2023-02-28T17:24:23+00:00","og_image":[{"width":721,"height":721,"url":"https:\/\/riveravivanco.com\/wp-content\/uploads\/2023\/02\/MT2.png","type":"image\/png"}],"twitter_card":"summary_large_image","twitter_site":"@RiveraVivanco_","twitter_misc":{"Est. reading time":"2 minutes"},"schema":{"@context":"https:\/\/schema.org","@graph":[{"@type":"WebPage","@id":"https:\/\/riveravivanco.com\/index.php\/toltepec-de-guerrero\/","url":"https:\/\/riveravivanco.com\/index.php\/toltepec-de-guerrero\/","name":"TOLTEPEC DE GUERRERO | Mujer Transformadora","isPartOf":{"@id":"https:\/\/riveravivanco.com\/#website"},"datePublished":"2023-02-10T20:53:06+00:00","dateModified":"2023-02-28T17:24:23+00:00","breadcrumb":{"@id":"https:\/\/riveravivanco.com\/index.php\/toltepec-de-guerrero\/#breadcrumb"},"inLanguage":"en-US","potentialAction":[{"@type":"ReadAction","target":["https:\/\/riveravivanco.com\/index.php\/toltepec-de-guerrero\/"]}]},{"@type":"BreadcrumbList","@id":"https:\/\/riveravivanco.com\/index.php\/toltepec-de-guerrero\/#breadcrumb","itemListElement":[{"@type":"ListItem","position":1,"name":"Home","item":"https:\/\/riveravivanco.com\/"},{"@type":"ListItem","position":2,"name":"TOLTEPEC DE GUERRERO"}]},{"@type":"WebSite","@id":"https:\/\/riveravivanco.com\/#website","url":"https:\/\/riveravivanco.com\/","name":"Mujer Transformadora","description":"#Mujer Transformadora es el espacio de las mujeres poblanas y de todos aquellos que compartimos sus causas, sin importar edad, sexo o condici\u00f3n social.","publisher":{"@id":"https:\/\/riveravivanco.com\/#organization"},"alternateName":"Mujer Transformadora","potentialAction":[{"@type":"SearchAction","target":{"@type":"EntryPoint","urlTemplate":"https:\/\/riveravivanco.com\/?s={search_term_string}"},"query-input":"required name=search_term_string"}],"inLanguage":"en-US"},{"@type":"Organization","@id":"https:\/\/riveravivanco.com\/#organization","name":"Mujer Transformadora","alternateName":"Mujer Transformadora","url":"https:\/\/riveravivanco.com\/","logo":{"@type":"ImageObject","inLanguage":"en-US","@id":"https:\/\/riveravivanco.com\/#\/schema\/logo\/image\/","url":"https:\/\/riveravivanco.com\/wp-content\/uploads\/2023\/02\/cropped-MT2.png","contentUrl":"https:\/\/riveravivanco.com\/wp-content\/uploads\/2023\/02\/cropped-MT2.png","width":512,"height":512,"caption":"Mujer Transformadora"},"image":{"@id":"https:\/\/riveravivanco.com\/#\/schema\/logo\/image\/"},"sameAs":["https:\/\/www.facebook.com\/ClauRiveraVivanco","https:\/\/twitter.com\/RiveraVivanco_","https:\/\/www.instagram.com\/riveravivanco_\/","https:\/\/www.tiktok.com\/@riveravivanco","https:\/\/www.youtube.com\/@RiveraVivanco"]}]}},"_links":{"self":[{"href":"https:\/\/riveravivanco.com\/index.php\/wp-json\/wp\/v2\/pages\/521"}],"collection":[{"href":"https:\/\/riveravivanco.com\/index.php\/wp-json\/wp\/v2\/pages"}],"about":[{"href":"https:\/\/riveravivanco.com\/index.php\/wp-json\/wp\/v2\/types\/page"}],"author":[{"embeddable":true,"href":"https:\/\/riveravivanco.com\/index.php\/wp-json\/wp\/v2\/users\/3"}],"replies":[{"embeddable":true,"href":"https:\/\/riveravivanco.com\/index.php\/wp-json\/wp\/v2\/comments?post=521"}],"version-history":[{"count":0,"href":"https:\/\/riveravivanco.com\/index.php\/wp-json\/wp\/v2\/pages\/521\/revisions"}],"wp:attachment":[{"href":"https:\/\/riveravivanco.com\/index.php\/wp-json\/wp\/v2\/media?parent=521"}],"curies":[{"name":"wp","href":"https:\/\/api.w.org\/{rel}","templated":true}]}}